{"id":7050,"date":"2022-05-13T14:21:35","date_gmt":"2022-05-13T14:21:35","guid":{"rendered":"https:\/\/ap.com.al\/?page_id=7050"},"modified":"2023-04-25T10:18:15","modified_gmt":"2023-04-25T10:18:15","slug":"ftese-panairi","status":"publish","type":"page","link":"https:\/\/ap.com.al\/?page_id=7050&lang=en","title":{"rendered":"Ftese Panairi"},"content":{"rendered":"\n<div class=\"wp-block-columns\" id=\"containerr\">\n<div class=\"wp-block-column\" style=\"flex-basis:100%\">\n<div style=\"max-width: 800px; transform: translateX(-50%); position: relative; left: 50%; color: black;\"> \n<h1 style=\"padding-top: 80pt;text-indent: 0pt;text-align: center; font-size: 25px;\">Ftes\u00eb: Panairi \u201cDit\u00ebt e Bujq\u00ebsis\u00eb 2022\u201d<\/h1>\n    \n    <p style=\"text-indent: 0pt;line-height: 108%;text-align: left;\">Austria Praemix (AP) ka k\u00ebnaq\u00ebsin\u00eb t\u2019ju ftoj\u00eb n\u00eb Panairin Nd\u00ebrkomb\u00ebtar t\u00eb Bujq\u00ebsis\u00eb, Teknologjive, Ushqimit dhe P\u00ebrpunimit, \u201cDit\u00ebt e Bujq\u00ebsis\u00eb 2022\u201d, i cili do t\u00eb organizohet n\u00eb datat 19-21 Maj n\u00eb qytetin e Lushnjes.<\/p>\n    <p style=\"padding-top: 7pt;text-indent: 0pt;text-align: left;\">D\u00ebshirojm\u00eb t\u2019ju ftojm\u00eb q\u00eb t\u00eb jeni prezent n\u00eb <span style=\"color: #005b8c;\">Koktejin <\/span>q\u00eb ne organizojm\u00eb n\u00eb panair: <\/p>\n    <h1 style=\"padding-top: 9pt;text-indent: 0pt;line-height: 149%;text-align: center; font-size: 25px;\">T\u00eb premten, dat\u00eb 20 Maj <br>Ora 10:30<\/h1>\n    <h1 style=\"text-indent: 0pt;text-align: center; font-size: 25px;\">Stenda Nr. 29<\/h1>\n    <p class=\"s1\" style=\"padding-top: 9pt;text-indent: 0pt;line-height: 108%;text-align: left;\">Pak histori: AP ushtron prej m\u00eb shum\u00eb se dy dekadash aktivitetin e saj n\u00eb Shqip\u00ebri dhe Kosov\u00eb. Kompania ofron p\u00ebr fermat blegtorale sh\u00ebrbime dhe produkte austriake dhe gjermane t\u00eb cilat mund\u00ebsojn\u00eb ferma t\u00eb suksesshme, t\u00eb gjitha n\u00ebn moton \u201cSukses n\u00eb stall\u00eb!\u201d.<\/p>\n    \n    <p style=\"text-indent: 0pt;line-height: 108%;text-align: left;\">Austria Praemix sjell teknologjit\u00eb inovative t\u00eb standardeve europiane p\u00ebr t\u00eb ushqyerit e kafsh\u00ebve por edhe nj\u00eb gam\u00eb t\u00eb gjer\u00eb produktesh t\u00eb tjera si: pajisje p\u00ebr stalla dhe makineri bujq\u00ebsore, gjenetik\u00eb t\u00eb avancuar p\u00ebr prodhimin shtazor, teknikat moderne n\u00eb p\u00ebrmir\u00ebsimin racor si edhe nj\u00eb koncept t\u00eb plot\u00eb p\u00ebr menaxhimin efektiv t\u00eb fermave, n\u00eb m\u00ebnyr\u00eb q\u00eb fermer\u00ebt shqiptar\u00eb t\u00eb p\u00ebrfitojn\u00eb fjal\u00ebn e fundit t\u00eb shkenc\u00ebs apo teknik\u00ebs.<\/p>\n    \n    <p style=\"text-indent: 0pt;line-height: 108%;text-align: left;\">AP do t\u00eb jet\u00eb prezente n\u00eb panair pergjat\u00eb 3 diteve 19, 20 dhe 21 Maj. Pran\u00eb Stend\u00ebs s\u00eb Austria Praemix vizitor\u00ebt do t\u00eb informohen holl\u00ebsisht nga ekspert\u00ebt tan\u00eb mbi proceset e pun\u00ebs n\u00eb nj\u00eb ferm\u00eb bashk\u00ebkohore dhe teknologjit\u00eb m\u00eb t\u00eb fundit t\u00eb aplikuara n\u00eb t\u00eb.<\/p>\n    <p style=\"padding-top: 7pt;text-indent: 0pt;line-height: 108%;text-align: left;\">Ne zhvillojm\u00eb vazhdimisht trajnime me tematika t\u00eb ndryshme t\u00eb cil\u00ebt kan\u00eb si synim ngritjen e nivelit t\u00eb njohurive tek specialist\u00ebt e blegtoris\u00eb dhe fermer\u00ebt. Gjat\u00eb panairit konsulet\u00ebt tan\u00eb do t\u00eb jen\u00eb t\u00eb pranish\u00ebm p\u00ebr konsultime falas me t\u00eb gjith\u00eb bizneset, fermer\u00ebt apo individ\u00ebt e interesuar.<\/p>\n    \n    <p style=\"text-indent: 0pt;line-height: 108%;text-align: left;\">Ju rikujtojm\u00eb se ne jemi pran\u00eb jush edhe p\u00ebrmes rrjeteve sociale dhe buletinit t\u00eb p\u00ebrjavsh\u00ebm, n\u00ebse nuk jeni abonuar ende ju ftojm\u00eb t\u00eb abonoheni p\u00ebrmes web-it ton\u00eb, p\u00ebr t\u00eb marr\u00eb t\u00eb rejat m\u00eb t\u00eb fundit n\u00eb fush\u00ebn e blegtoris\u00eb.<\/p>\n    \n    <p style=\"text-indent: 0pt;text-align: left;\">Ju mir\u00ebpresim,<\/p>\n    <h3 style=\"padding-top: 1pt;text-indent: 0pt;text-align: left; color: #005b8c;\">Stafi i Austria Praemix<\/h3>\n\n<\/div>\n<\/div>\n<\/div>\n","protected":false},"excerpt":{"rendered":"<p>Ftes\u00eb: Panairi \u201cDit\u00ebt e Bujq\u00ebsis\u00eb 2022\u201d Austria Praemix (AP) ka k\u00ebnaq\u00ebsin\u00eb t\u2019ju ftoj\u00eb n\u00eb Panairin Nd\u00ebrkomb\u00ebtar t\u00eb Bujq\u00ebsis\u00eb, Teknologjive, Ushqimit dhe P\u00ebrpunimit, \u201cDit\u00ebt e Bujq\u00ebsis\u00eb 2022\u201d, i cili do t\u00eb organizohet n\u00eb datat 19-21 Maj n\u00eb qytetin e Lushnjes. D\u00ebshirojm\u00eb t\u2019ju ftojm\u00eb q\u00eb t\u00eb jeni prezent n\u00eb Koktejin q\u00eb ne organizojm\u00eb n\u00eb panair: T\u00eb premten, [&hellip;]<\/p>\n","protected":false},"author":1,"featured_media":0,"parent":0,"menu_order":0,"comment_status":"closed","ping_status":"closed","template":"","meta":{"inline_featured_image":false,"footnotes":""},"class_list":["post-7050","page","type-page","status-publish","hentry"],"yoast_head":"<!-- This site is optimized with the Yoast SEO plugin v18.9 - https:\/\/yoast.com\/wordpress\/plugins\/seo\/ -->\n<title>Ftese Panairi - Austria Praemix<\/title>\n<meta name=\"robots\" content=\"index, follow, max-snippet:-1, max-image-preview:large, max-video-preview:-1\" \/>\n<link rel=\"canonical\" href=\"https:\/\/ap.com.al\/?page_id=7050&#038;lang=en\" \/>\n<meta property=\"og:locale\" content=\"en_US\" \/>\n<meta property=\"og:type\" content=\"article\" \/>\n<meta property=\"og:title\" content=\"Ftese Panairi - Austria Praemix\" \/>\n<meta property=\"og:description\" content=\"Ftes\u00eb: Panairi \u201cDit\u00ebt e Bujq\u00ebsis\u00eb 2022\u201d Austria Praemix (AP) ka k\u00ebnaq\u00ebsin\u00eb t\u2019ju ftoj\u00eb n\u00eb Panairin Nd\u00ebrkomb\u00ebtar t\u00eb Bujq\u00ebsis\u00eb, Teknologjive, Ushqimit dhe P\u00ebrpunimit, \u201cDit\u00ebt e Bujq\u00ebsis\u00eb 2022\u201d, i cili do t\u00eb organizohet n\u00eb datat 19-21 Maj n\u00eb qytetin e Lushnjes. D\u00ebshirojm\u00eb t\u2019ju ftojm\u00eb q\u00eb t\u00eb jeni prezent n\u00eb Koktejin q\u00eb ne organizojm\u00eb n\u00eb panair: T\u00eb premten, [&hellip;]\" \/>\n<meta property=\"og:url\" content=\"https:\/\/ap.com.al\/?page_id=7050&amp;lang=en\" \/>\n<meta property=\"og:site_name\" content=\"Austria Praemix\" \/>\n<meta property=\"article:publisher\" content=\"https:\/\/www.facebook.com\/austriapraemiks\/\" \/>\n<meta property=\"article:modified_time\" content=\"2023-04-25T10:18:15+00:00\" \/>\n<meta name=\"twitter:card\" content=\"summary_large_image\" \/>\n<meta name=\"twitter:label1\" content=\"Est. reading time\" \/>\n\t<meta name=\"twitter:data1\" content=\"2 minutes\" \/>\n<script type=\"application\/ld+json\" class=\"yoast-schema-graph\">{\"@context\":\"https:\/\/schema.org\",\"@graph\":[{\"@type\":\"Organization\",\"@id\":\"https:\/\/ap.com.al\/#organization\",\"name\":\"Austria Preamix\",\"url\":\"https:\/\/ap.com.al\/\",\"sameAs\":[\"https:\/\/www.instagram.com\/austriapraemix\/\",\"https:\/\/www.facebook.com\/austriapraemiks\/\"],\"logo\":{\"@type\":\"ImageObject\",\"inLanguage\":\"en-US\",\"@id\":\"https:\/\/ap.com.al\/#\/schema\/logo\/image\/\",\"url\":\"https:\/\/ap.com.al\/wp-content\/uploads\/2022\/02\/AP-logo.png\",\"contentUrl\":\"https:\/\/ap.com.al\/wp-content\/uploads\/2022\/02\/AP-logo.png\",\"width\":3358,\"height\":1616,\"caption\":\"Austria Preamix\"},\"image\":{\"@id\":\"https:\/\/ap.com.al\/#\/schema\/logo\/image\/\"}},{\"@type\":\"WebSite\",\"@id\":\"https:\/\/ap.com.al\/#website\",\"url\":\"https:\/\/ap.com.al\/\",\"name\":\"Austria Praemix\",\"description\":\"\",\"publisher\":{\"@id\":\"https:\/\/ap.com.al\/#organization\"},\"potentialAction\":[{\"@type\":\"SearchAction\",\"target\":{\"@type\":\"EntryPoint\",\"urlTemplate\":\"https:\/\/ap.com.al\/?s={search_term_string}\"},\"query-input\":\"required name=search_term_string\"}],\"inLanguage\":\"en-US\"},{\"@type\":\"WebPage\",\"@id\":\"https:\/\/ap.com.al\/?page_id=7050&lang=en#webpage\",\"url\":\"https:\/\/ap.com.al\/?page_id=7050&lang=en\",\"name\":\"Ftese Panairi - Austria Praemix\",\"isPartOf\":{\"@id\":\"https:\/\/ap.com.al\/#website\"},\"datePublished\":\"2022-05-13T14:21:35+00:00\",\"dateModified\":\"2023-04-25T10:18:15+00:00\",\"breadcrumb\":{\"@id\":\"https:\/\/ap.com.al\/?page_id=7050&lang=en#breadcrumb\"},\"inLanguage\":\"en-US\",\"potentialAction\":[{\"@type\":\"ReadAction\",\"target\":[\"https:\/\/ap.com.al\/?page_id=7050&lang=en\"]}]},{\"@type\":\"BreadcrumbList\",\"@id\":\"https:\/\/ap.com.al\/?page_id=7050&lang=en#breadcrumb\",\"itemListElement\":[{\"@type\":\"ListItem\",\"position\":1,\"name\":\"Home\",\"item\":\"https:\/\/ap.com.al\/\"},{\"@type\":\"ListItem\",\"position\":2,\"name\":\"Ftese Panairi\"}]}]}<\/script>\n<!-- \/ Yoast SEO plugin. -->","yoast_head_json":{"title":"Ftese Panairi - Austria Praemix","robots":{"index":"index","follow":"follow","max-snippet":"max-snippet:-1","max-image-preview":"max-image-preview:large","max-video-preview":"max-video-preview:-1"},"canonical":"https:\/\/ap.com.al\/?page_id=7050&lang=en","og_locale":"en_US","og_type":"article","og_title":"Ftese Panairi - Austria Praemix","og_description":"Ftes\u00eb: Panairi \u201cDit\u00ebt e Bujq\u00ebsis\u00eb 2022\u201d Austria Praemix (AP) ka k\u00ebnaq\u00ebsin\u00eb t\u2019ju ftoj\u00eb n\u00eb Panairin Nd\u00ebrkomb\u00ebtar t\u00eb Bujq\u00ebsis\u00eb, Teknologjive, Ushqimit dhe P\u00ebrpunimit, \u201cDit\u00ebt e Bujq\u00ebsis\u00eb 2022\u201d, i cili do t\u00eb organizohet n\u00eb datat 19-21 Maj n\u00eb qytetin e Lushnjes. D\u00ebshirojm\u00eb t\u2019ju ftojm\u00eb q\u00eb t\u00eb jeni prezent n\u00eb Koktejin q\u00eb ne organizojm\u00eb n\u00eb panair: T\u00eb premten, [&hellip;]","og_url":"https:\/\/ap.com.al\/?page_id=7050&lang=en","og_site_name":"Austria Praemix","article_publisher":"https:\/\/www.facebook.com\/austriapraemiks\/","article_modified_time":"2023-04-25T10:18:15+00:00","twitter_card":"summary_large_image","twitter_misc":{"Est. reading time":"2 minutes"},"schema":{"@context":"https:\/\/schema.org","@graph":[{"@type":"Organization","@id":"https:\/\/ap.com.al\/#organization","name":"Austria Preamix","url":"https:\/\/ap.com.al\/","sameAs":["https:\/\/www.instagram.com\/austriapraemix\/","https:\/\/www.facebook.com\/austriapraemiks\/"],"logo":{"@type":"ImageObject","inLanguage":"en-US","@id":"https:\/\/ap.com.al\/#\/schema\/logo\/image\/","url":"https:\/\/ap.com.al\/wp-content\/uploads\/2022\/02\/AP-logo.png","contentUrl":"https:\/\/ap.com.al\/wp-content\/uploads\/2022\/02\/AP-logo.png","width":3358,"height":1616,"caption":"Austria Preamix"},"image":{"@id":"https:\/\/ap.com.al\/#\/schema\/logo\/image\/"}},{"@type":"WebSite","@id":"https:\/\/ap.com.al\/#website","url":"https:\/\/ap.com.al\/","name":"Austria Praemix","description":"","publisher":{"@id":"https:\/\/ap.com.al\/#organization"},"potentialAction":[{"@type":"SearchAction","target":{"@type":"EntryPoint","urlTemplate":"https:\/\/ap.com.al\/?s={search_term_string}"},"query-input":"required name=search_term_string"}],"inLanguage":"en-US"},{"@type":"WebPage","@id":"https:\/\/ap.com.al\/?page_id=7050&lang=en#webpage","url":"https:\/\/ap.com.al\/?page_id=7050&lang=en","name":"Ftese Panairi - Austria Praemix","isPartOf":{"@id":"https:\/\/ap.com.al\/#website"},"datePublished":"2022-05-13T14:21:35+00:00","dateModified":"2023-04-25T10:18:15+00:00","breadcrumb":{"@id":"https:\/\/ap.com.al\/?page_id=7050&lang=en#breadcrumb"},"inLanguage":"en-US","potentialAction":[{"@type":"ReadAction","target":["https:\/\/ap.com.al\/?page_id=7050&lang=en"]}]},{"@type":"BreadcrumbList","@id":"https:\/\/ap.com.al\/?page_id=7050&lang=en#breadcrumb","itemListElement":[{"@type":"ListItem","position":1,"name":"Home","item":"https:\/\/ap.com.al\/"},{"@type":"ListItem","position":2,"name":"Ftese Panairi"}]}]}},"_links":{"self":[{"href":"https:\/\/ap.com.al\/index.php?rest_route=\/wp\/v2\/pages\/7050","targetHints":{"allow":["GET"]}}],"collection":[{"href":"https:\/\/ap.com.al\/index.php?rest_route=\/wp\/v2\/pages"}],"about":[{"href":"https:\/\/ap.com.al\/index.php?rest_route=\/wp\/v2\/types\/page"}],"author":[{"embeddable":true,"href":"https:\/\/ap.com.al\/index.php?rest_route=\/wp\/v2\/users\/1"}],"replies":[{"embeddable":true,"href":"https:\/\/ap.com.al\/index.php?rest_route=%2Fwp%2Fv2%2Fcomments&post=7050"}],"version-history":[{"count":27,"href":"https:\/\/ap.com.al\/index.php?rest_route=\/wp\/v2\/pages\/7050\/revisions"}],"predecessor-version":[{"id":8608,"href":"https:\/\/ap.com.al\/index.php?rest_route=\/wp\/v2\/pages\/7050\/revisions\/8608"}],"wp:attachment":[{"href":"https:\/\/ap.com.al\/index.php?rest_route=%2Fwp%2Fv2%2Fmedia&parent=7050"}],"curies":[{"name":"wp","href":"https:\/\/api.w.org\/{rel}","templated":true}]}}